{"id":48234,"date":"2025-04-08T14:45:05","date_gmt":"2025-04-08T12:45:05","guid":{"rendered":"https:\/\/sck.stargard.pl\/?post_type=event&#038;p=48234"},"modified":"2025-08-13T22:31:57","modified_gmt":"2025-08-13T20:31:57","slug":"orkiestra-ksiezniczek-koncert-wiedenski-czesc-1","status":"publish","type":"event","link":"https:\/\/sck.stargard.pl\/de\/kalendarz-wydarzen\/orkiestra-ksiezniczek-koncert-wiedenski-czesc-1\/","title":{"rendered":"Orkiestra Ksi\u0119\u017cniczek &#8211; Koncert Wiede\u0144ski &#8211; cz\u0119\u015b\u0107 1."},"content":{"rendered":"<div class=\"fusion-fullwidth fullwidth-box fusion-builder-row-1 fusion-flex-container nonhundred-percent-fullwidth non-hundred-percent-height-scrolling\" style=\"--awb-border-radius-top-left:0px;--awb-border-radius-top-right:0px;--awb-border-radius-bottom-right:0px;--awb-border-radius-bottom-left:0px;--awb-padding-right:0px;--awb-padding-left:0px;--awb-margin-top:0px;--awb-margin-bottom:0px;--awb-flex-wrap:wrap;\" ><div class=\"fusion-builder-row fusion-row fusion-flex-align-items-flex-start fusion-flex-content-wrap\" style=\"max-width:1352px;margin-left: calc(-4% \/ 2 );margin-right: calc(-4% \/ 2 );\"><div class=\"fusion-layout-column fusion_builder_column fusion-builder-column-0 fusion_builder_column_1_2 1_2 fusion-flex-column\" style=\"--awb-bg-color:#f4f4f4;--awb-bg-color-hover:#f4f4f4;--awb-bg-size:cover;--awb-width-large:50%;--awb-margin-top-large:0px;--awb-spacing-right-large:3.84%;--awb-margin-bottom-large:0px;--awb-spacing-left-large:3.84%;--awb-width-medium:100%;--awb-order-medium:0;--awb-spacing-right-medium:1.92%;--awb-spacing-left-medium:1.92%;--awb-width-small:100%;--awb-order-small:0;--awb-spacing-right-small:1.92%;--awb-spacing-left-small:1.92%;\"><div class=\"fusion-column-wrapper fusion-column-has-shadow fusion-flex-justify-content-flex-start fusion-content-layout-column\"><div class=\"fusion-image-element \" style=\"--awb-caption-title-font-family:var(--h2_typography-font-family);--awb-caption-title-font-weight:var(--h2_typography-font-weight);--awb-caption-title-font-style:var(--h2_typography-font-style);--awb-caption-title-size:var(--h2_typography-font-size);--awb-caption-title-transform:var(--h2_typography-text-transform);--awb-caption-title-line-height:var(--h2_typography-line-height);--awb-caption-title-letter-spacing:var(--h2_typography-letter-spacing);\"><span class=\" fusion-imageframe imageframe-none imageframe-1 hover-type-none\"><a href=\"https:\/\/sck.stargard.pl\/wp-content\/uploads\/2025\/04\/orkiestra-ksiezniczek-plakat-nowa-godzina.jpg\" class=\"fusion-lightbox\" data-rel=\"iLightbox[2244b5219a11cd0d74a]\" data-title=\"orkiestra ksi\u0119\u017cniczek plakat nowa godzina\" title=\"orkiestra ksi\u0119\u017cniczek plakat nowa godzina\"><img decoding=\"async\" width=\"1754\" height=\"2481\" src=\"https:\/\/sck.stargard.pl\/wp-content\/uploads\/2025\/04\/orkiestra-ksiezniczek-plakat-nowa-godzina.jpg\" data-orig-src=\"https:\/\/sck.stargard.pl\/wp-content\/uploads\/2025\/04\/orkiestra-ksiezniczek-plakat-nowa-godzina.jpg\" alt class=\"lazyload img-responsive wp-image-52245\" srcset=\"data:image\/svg+xml,%3Csvg%20xmlns%3D%27http%3A%2F%2Fwww.w3.org%2F2000%2Fsvg%27%20width%3D%271754%27%20height%3D%272481%27%20viewBox%3D%270%200%201754%202481%27%3E%3Crect%20width%3D%271754%27%20height%3D%272481%27%20fill-opacity%3D%220%22%2F%3E%3C%2Fsvg%3E\" data-srcset=\"https:\/\/sck.stargard.pl\/wp-content\/uploads\/2025\/04\/orkiestra-ksiezniczek-plakat-nowa-godzina-800x1132.jpg 800w, https:\/\/sck.stargard.pl\/wp-content\/uploads\/2025\/04\/orkiestra-ksiezniczek-plakat-nowa-godzina.jpg 1754w\" data-sizes=\"auto\" data-orig-sizes=\"(max-width: 1150px) 100vw, (max-width: 640px) 100vw, 1754px\" \/><\/a><\/span><\/div><div class=\"fusion-text fusion-text-1\" style=\"--awb-text-color:var(--awb-custom18);--awb-margin-top:20px;\"><p style=\"text-align: center;\"><strong>17:00<\/strong><\/p>\n<\/div><div style=\"text-align:center;\"><a class=\"fusion-button button-flat button-small button-custom fusion-button-default button-1 fusion-button-default-span fusion-button-default-type\" style=\"--awb-margin-bottom:15px;--button_accent_color:#070a21;--button_border_color:#81ae20;--button_accent_hover_color:#070a21;--button_border_hover_color:#a70240;--button_border_width-top:5px;--button_border_width-right:5px;--button_border_width-bottom:5px;--button_border_width-left:5px;--button-border-radius-top-left:0;--button-border-radius-top-right:0;--button-border-radius-bottom-right:0;--button-border-radius-bottom-left:0;--button_gradient_top_color:rgba(255,255,255,0);--button_gradient_bottom_color:rgba(255,255,255,0);--button_gradient_top_color_hover:rgba(255,255,255,0);--button_gradient_bottom_color_hover:rgba(255,255,255,0);--button_text_transform:lowercase;--button_typography-letter-spacing:-1px;--button_typography-font-family:&quot;Montserrat&quot;;--button_typography-font-style:normal;--button_typography-font-weight:800;\" target=\"_blank\" rel=\"noopener noreferrer\" href=\"https:\/\/rezerwacje.sck.stargard.pl\/SCKRezerwacja\/Default.aspx?event_id=45048&amp;typetran=0&amp;returnlink=https:\/\/sck.stargard.pl\/\"><span class=\"fusion-button-text awb-button__text awb-button__text--default\">Kup bilet<\/span><\/a><\/div><div class=\"fusion-text fusion-text-2\" style=\"--awb-text-color:var(--awb-custom18);--awb-margin-top:20px;\"><p style=\"text-align: center;\"><strong>20:00<\/strong><\/p>\n<\/div><div style=\"text-align:center;\"><a class=\"fusion-button button-flat button-small button-custom fusion-button-default button-2 fusion-button-default-span fusion-button-default-type\" style=\"--awb-margin-bottom:15px;--button_accent_color:#070a21;--button_border_color:#81ae20;--button_accent_hover_color:#070a21;--button_border_hover_color:#a70240;--button_border_width-top:5px;--button_border_width-right:5px;--button_border_width-bottom:5px;--button_border_width-left:5px;--button-border-radius-top-left:0;--button-border-radius-top-right:0;--button-border-radius-bottom-right:0;--button-border-radius-bottom-left:0;--button_gradient_top_color:rgba(255,255,255,0);--button_gradient_bottom_color:rgba(255,255,255,0);--button_gradient_top_color_hover:rgba(255,255,255,0);--button_gradient_bottom_color_hover:rgba(255,255,255,0);--button_text_transform:lowercase;--button_typography-letter-spacing:-1px;--button_typography-font-family:&quot;Montserrat&quot;;--button_typography-font-style:normal;--button_typography-font-weight:800;\" target=\"_blank\" rel=\"noopener noreferrer\" href=\"https:\/\/rezerwacje.sck.stargard.pl\/SCKRezerwacja\/Default.aspx?event_id=46368&amp;typetran=0&amp;returnlink=https:\/\/sck.stargard.pl\/\"><span class=\"fusion-button-text awb-button__text awb-button__text--default\">Kup bilet<\/span><\/a><\/div><\/div><\/div><div class=\"fusion-layout-column fusion_builder_column fusion-builder-column-1 fusion_builder_column_1_2 1_2 fusion-flex-column\" style=\"--awb-bg-size:cover;--awb-width-large:50%;--awb-margin-top-large:0px;--awb-spacing-right-large:3.84%;--awb-margin-bottom-large:0px;--awb-spacing-left-large:3.84%;--awb-width-medium:100%;--awb-spacing-right-medium:1.92%;--awb-spacing-left-medium:1.92%;--awb-width-small:100%;--awb-spacing-right-small:1.92%;--awb-spacing-left-small:1.92%;\"><div class=\"fusion-column-wrapper fusion-flex-justify-content-flex-start fusion-content-layout-column\"><ul style=\"--awb-size:24px;--awb-iconcolor:#070a21;--awb-textcolor:#a70240;--awb-line-height:40.8px;--awb-icon-width:40.8px;--awb-icon-height:40.8px;--awb-icon-margin:16.8px;--awb-content-margin:57.6px;\" class=\"fusion-checklist fusion-checklist-1 fusion-checklist-default type-icons lista-wydarzenie\"><li class=\"fusion-li-item\" style=\"\"><span class=\"icon-wrapper circle-no\"><i class=\"fusion-li-icon fa-theater-masks fas\" aria-hidden=\"true\"><\/i><\/span><div class=\"fusion-li-item-content\">\n<p>KONCERT<\/p>\n<\/div><\/li><li class=\"fusion-li-item\" style=\"\"><span class=\"icon-wrapper circle-no\"><i class=\"fusion-li-icon fa-calendar-check far\" aria-hidden=\"true\"><\/i><\/span><div class=\"fusion-li-item-content\">\n<p>Niedziela, 12.10.2025<\/p>\n<\/div><\/li><li class=\"fusion-li-item\" style=\"\"><span class=\"icon-wrapper circle-no\"><i class=\"fusion-li-icon fa-clock far\" aria-hidden=\"true\"><\/i><\/span><div class=\"fusion-li-item-content\">\n<p>godz. 17:00 i 20:00<\/p>\n<\/div><\/li><li class=\"fusion-li-item\" style=\"\"><span class=\"icon-wrapper circle-no\"><i class=\"fusion-li-icon fa-map-marker-alt fas\" aria-hidden=\"true\"><\/i><\/span><div class=\"fusion-li-item-content\">\n<p>Du\u017ca Scena SCK<\/p>\n<\/div><\/li><li class=\"fusion-li-item\" style=\"\"><span class=\"icon-wrapper circle-no\"><i class=\"fusion-li-icon fa-sticky-note far\" aria-hidden=\"true\"><\/i><\/span><div class=\"fusion-li-item-content\">\n<p>Bilety: od 179 z\u0142<\/p>\n<\/div><\/li><\/ul><div class=\"fusion-separator fusion-full-width-sep\" style=\"align-self: flex-start;margin-right:auto;margin-top:30px;margin-bottom:40px;width:100%;max-width:100%;\"><div class=\"fusion-separator-border sep-single sep-dotted\" style=\"--awb-height:20px;--awb-amount:20px;--awb-sep-color:#a70240;border-color:#a70240;border-top-width:5px;\"><\/div><\/div><div class=\"fusion-text fusion-text-3\" style=\"--awb-text-transform:none;\"><p><strong>Pierwsza na \u015bwiecie Orkiestra Ksi\u0119\u017cniczek przyjedzie do Stargardu! Koncert Wiede\u0144ski 1 (cz\u0119\u015b\u0107 1.) ju\u017c 12 pa\u017adziernika w Stargardzkim Centrum Kultury!<\/strong><\/p>\n<p>Gwiazdorska obsada, soli\u015bci, balet, zjawiskowe g\u0142osy, osza\u0142amiaj\u0105ce show \u015bwietlne i przede wszystkim pierwsza na \u015bwiecie Orkiestra Ksi\u0119\u017cniczek! Jedyny taki projekt na \u015awiecie. Pierwsza cz\u0119\u015b\u0107 Koncertu Wiede\u0144skiego \u2013 bestseller, kt\u00f3ry podbi\u0142 serca meloman\u00f3w, nie mo\u017cesz go przegapi\u0107!<\/p>\n<p>Doskona\u0142a zabawa dla widz\u00f3w w ka\u017cdym wieku, znakomity kontakt z Publiczno\u015bci\u0105, r\u00f3\u017cnorodny repertuar i mn\u00f3stwo humoru\u2026 Koncert Wiede\u0144ski 1 (cz\u0119\u015b\u0107 1.) Orkiestry Ksi\u0119\u017cniczek to tak\u017ce wspania\u0142a uczta dla zmys\u0142\u00f3w, zapieraj\u0105ce dech w piersiach ol\u015bniewaj\u0105ce kostiumy, stworzone przez najlepszych projektant\u00f3w, aby wzbogaci\u0107 to niesamowite wydarzenie. Spektakl pe\u0142en kolor\u00f3w!<\/p>\n<p>Na scenie pojawi\u0105 si\u0119 laureaci mi\u0119dzynarodowych konkurs\u00f3w muzycznych, wirtuozi skrzypiec, fortepianu, wspaniali soli\u015bci mi\u0119dzynarodowej estrady, arty\u015bci wyst\u0119puj\u0105cy w najwi\u0119kszych polskich i \u015bwiatowych salach koncertowych. Wyst\u0105pi\u0105 mi\u0119dzy innymi: Anna Ciereszko, Sylwia Fr\u0105czek, Karolina J\u0119drzejczyk, Aleksander Kruczek, Tomasz Tracz, Andrzej Tulik, Piotr \u0141ukaszczyk z towarzyszeniem jedynej takiej, najpi\u0119kniejszej orkiestry \u015awiata &#8211; Orkiestry Ksi\u0119\u017cniczek. Arty\u015bci wzruszaj\u0105 i bawi\u0105 Publik\u0119 od wielu lat, za ka\u017cdym razem przyjmowani owacjami na stoj\u0105co.<\/p>\n<p>Koncert Wiede\u0144ski 1 (cz\u0119\u015b\u0107 1.) Orkiestry Ksi\u0119\u017cniczek to po\u0142\u0105czenie wiede\u0144skiej formy i kunsztu z m\u0142odo\u015bci\u0105, wdzi\u0119kiem, werw\u0105 i niespotykan\u0105 muzykalno\u015bci\u0105 artyst\u00f3w wykonuj\u0105cych to widowisko. Zabrzmi\u0105 najwi\u0119ksze, ponadczasowe i wiecznie bliskie sercom Meloman\u00f3w przeboje kr\u00f3la walca &#8211; Johanna Straussa. Nie zabraknie tak\u017ce popisowych arii z &#8222;Ksi\u0119\u017cniczki Czardasza&#8220;, &#8222;Zemsty Nietoperza&#8220;, &#8222;Barona Cyga\u0144skiego&#8220;, &#8222;Weso\u0142ej Wd\u00f3wki&#8220;, &#8222;Krainy U\u015bmiechu&#8220; oraz takich dzie\u0142 literatury muzycznej jak: Kuplety Barinkaya \u201eWielka s\u0142awa to \u017cart\u201d, \u201eCzardsz\u201d Vittorio Montiego, \u201eMarsz Radeckiego\u201d, duet wszechczas\u00f3w \u201eUsta milcz\u0105 dusza \u015bpiewa\u201d, \u201eLibiamo\u201d G. Verdiego, czy nie\u015bmiertelne \u201eO sole mio\u201d.<\/p>\n<p>Nie przegap pierwszej cz\u0119\u015bci Koncertu Wiede\u0144skiego Orkiestry Ksi\u0119\u017cniczek. Daj si\u0119 porwa\u0107 w rytm walca i sp\u0119d\u017a z nami ponad dwie godziny doskona\u0142ej zabawy. Pokocha\u0142y nas ju\u017c setki tysi\u0119cy widz\u00f3w! Do zobaczenia ju\u017c 12 pa\u017adziernika w Stargardzkim Centrum Kultury!<\/p>\n<p>ZOBACZ JAK WYGL\u0104DA NASZE SHOW: <a href=\"https:\/\/www.youtube.com\/watch?v=8nvc1X-3WLc\">https:\/\/www.youtube.com\/watch?v=8nvc1X-3WLc<\/a><\/p>\n<p>* Koncerty dedykowane s\u0105 dla widz\u00f3w od 2 do 200 lat.<\/p>\n<\/div><\/div><\/div><div class=\"fusion-layout-column fusion_builder_column fusion-builder-column-2 fusion_builder_column_1_1 1_1 fusion-flex-column\" style=\"--awb-bg-size:cover;--awb-width-large:100%;--awb-margin-top-large:50px;--awb-spacing-right-large:1.92%;--awb-margin-bottom-large:20px;--awb-spacing-left-large:1.92%;--awb-width-medium:100%;--awb-order-medium:0;--awb-spacing-right-medium:1.92%;--awb-spacing-left-medium:1.92%;--awb-width-small:100%;--awb-order-small:0;--awb-spacing-right-small:1.92%;--awb-spacing-left-small:1.92%;\"><div class=\"fusion-column-wrapper fusion-column-has-shadow fusion-flex-justify-content-flex-start fusion-content-layout-column\"><div style=\"text-align:center;\"><a class=\"fusion-button button-flat button-large button-custom fusion-button-default button-3 fusion-button-default-span fusion-button-default-type\" style=\"--button_accent_color:#070a21;--button_border_color:#81ae20;--button_accent_hover_color:#070a21;--button_border_hover_color:#a70240;--button_border_width-top:8px;--button_border_width-right:8px;--button_border_width-bottom:8px;--button_border_width-left:8px;--button-border-radius-top-left:0;--button-border-radius-top-right:0;--button-border-radius-bottom-right:0;--button-border-radius-bottom-left:0;--button_gradient_top_color:rgba(255,255,255,0);--button_gradient_bottom_color:rgba(255,255,255,0);--button_gradient_top_color_hover:rgba(255,255,255,0);--button_gradient_bottom_color_hover:rgba(255,255,255,0);--button_text_transform:lowercase;--button_typography-letter-spacing:-1px;--button_typography-font-family:&quot;Montserrat&quot;;--button_typography-font-style:normal;--button_typography-font-weight:800;\" target=\"_self\" href=\"\/kalendarz-wydarzen\"><span class=\"fusion-button-text awb-button__text awb-button__text--default\">powr\u00f3t<\/span><\/a><\/div><\/div><\/div><\/div><\/div>\n","protected":false},"featured_media":52244,"template":"","class_list":["post-48234","event","type-event","status-publish","has-post-thumbnail","hentry"],"acf":[],"_links":{"self":[{"href":"https:\/\/sck.stargard.pl\/de\/wp-json\/wp\/v2\/event\/48234","targetHints":{"allow":["GET"]}}],"collection":[{"href":"https:\/\/sck.stargard.pl\/de\/wp-json\/wp\/v2\/event"}],"about":[{"href":"https:\/\/sck.stargard.pl\/de\/wp-json\/wp\/v2\/types\/event"}],"wp:featuredmedia":[{"embeddable":true,"href":"https:\/\/sck.stargard.pl\/de\/wp-json\/wp\/v2\/media\/52244"}],"wp:attachment":[{"href":"https:\/\/sck.stargard.pl\/de\/wp-json\/wp\/v2\/media?parent=48234"}],"curies":[{"name":"wp","href":"https:\/\/api.w.org\/{rel}","templated":true}]}}